{"id":1661,"date":"2024-12-10T10:58:18","date_gmt":"2024-12-10T10:58:18","guid":{"rendered":"https:\/\/www.summererliving.com\/gusto\/"},"modified":"2025-02-28T07:59:43","modified_gmt":"2025-02-28T07:59:43","slug":"gusto","status":"publish","type":"page","link":"https:\/\/www.summererliving.com\/it\/gusto\/","title":{"rendered":"Gusto"},"content":{"rendered":"\t\t<div data-elementor-type=\"wp-page\" data-elementor-id=\"1661\" class=\"elementor elementor-1661 elementor-383\" data-elementor-post-type=\"page\">\n\t\t\t\t<div class=\"elementor-element elementor-element-2866e9f6 e-con-full as-bg-img e-flex e-con e-parent\" data-id=\"2866e9f6\" data-element_type=\"container\">\n\t\t\t\t<div class=\"elementor-element elementor-element-f2eb3ba entrance-carousell75 elementor-widget elementor-widget-image-carousel\" data-id=\"f2eb3ba\" data-element_type=\"widget\" data-settings=\"{&quot;slides_to_show&quot;:&quot;1&quot;,&quot;navigation&quot;:&quot;none&quot;,&quot;autoplay&quot;:&quot;yes&quot;,&quot;pause_on_hover&quot;:&quot;yes&quot;,&quot;pause_on_interaction&quot;:&quot;yes&quot;,&quot;autoplay_speed&quot;:5000,&quot;infinite&quot;:&quot;yes&quot;,&quot;effect&quot;:&quot;slide&quot;,&quot;speed&quot;:500}\" data-widget_type=\"image-carousel.default\">\n\t\t\t\t<div class=\"elementor-widget-container\">\n\t\t\t\t\t\t\t<div class=\"elementor-image-carousel-wrapper swiper\" role=\"region\" aria-roledescription=\"carousel\" aria-label=\"Bild Karussell\" dir=\"ltr\">\n\t\t\t<div class=\"elementor-image-carousel swiper-wrapper swiper-image-stretch\" aria-live=\"off\">\n\t\t\t\t\t\t\t\t<div class=\"swiper-slide\" role=\"group\" aria-roledescription=\"slide\" aria-label=\"1 di 2\"><figure class=\"swiper-slide-inner\"><img decoding=\"async\" class=\"swiper-slide-image\" src=\"https:\/\/www.summererliving.com\/wp-content\/uploads\/2025\/01\/kulinarik-in-suedtirol.jpg\" alt=\"Kulinarik in S\u00fcdtirol\" \/><\/figure><\/div><div class=\"swiper-slide\" role=\"group\" aria-roledescription=\"slide\" aria-label=\"2 di 2\"><figure class=\"swiper-slide-inner\"><img decoding=\"async\" class=\"swiper-slide-image\" src=\"https:\/\/www.summererliving.com\/wp-content\/uploads\/2025\/01\/wein-genuss-in-suedtirol.jpg\" alt=\"Weingenuss in S\u00fcdtirol\" \/><\/figure><\/div>\t\t\t<\/div>\n\t\t\t\t\t\t\t\n\t\t\t\t\t\t\t\t\t<\/div>\n\t\t\t\t\t\t<\/div>\n\t\t\t\t<\/div>\n\t\t\t\t<\/div>\n\t\t<div class=\"elementor-element elementor-element-74251ecd e-con-full container-i p-l-m p-r-m p-b-l w-1400 e-flex e-con e-parent\" data-id=\"74251ecd\" data-element_type=\"container\">\n\t\t<div class=\"elementor-element elementor-element-1f47d18 p-l-m-des e-flex e-con-boxed e-con e-child\" data-id=\"1f47d18\" data-element_type=\"container\">\n\t\t\t\t\t<div class=\"e-con-inner\">\n\t\t\t\t<div class=\"elementor-element elementor-element-4e541523 animated-slow h2p elementor-invisible elementor-widget elementor-widget-heading\" data-id=\"4e541523\" data-element_type=\"widget\" data-settings=\"{&quot;_animation&quot;:&quot;fadeIn&quot;}\" data-widget_type=\"heading.default\">\n\t\t\t\t<div class=\"elementor-widget-container\">\n\t\t\t\t\t<p class=\"elementor-heading-title elementor-size-default\">Passione per il gusto<br>e attenzione alla qualit\u00e0 <\/p>\t\t\t\t<\/div>\n\t\t\t\t<\/div>\n\t\t\t\t<div class=\"elementor-element elementor-element-6a69fb8d animated-slow elementor-invisible elementor-widget elementor-widget-heading\" data-id=\"6a69fb8d\" data-element_type=\"widget\" data-settings=\"{&quot;_animation&quot;:&quot;fadeIn&quot;}\" data-widget_type=\"heading.default\">\n\t\t\t\t<div class=\"elementor-widget-container\">\n\t\t\t\t\t<h1 class=\"elementor-heading-title elementor-size-default\">Alla scoperta dei sapori locali nel verde di Meluno <\/h1>\t\t\t\t<\/div>\n\t\t\t\t<\/div>\n\t\t\t\t<div class=\"elementor-element elementor-element-64f82c6b elementor-widget__width-initial textwidth animated-slow elementor-invisible elementor-widget elementor-widget-text-editor\" data-id=\"64f82c6b\" data-element_type=\"widget\" data-settings=\"{&quot;_animation&quot;:&quot;fadeIn&quot;}\" data-widget_type=\"text-editor.default\">\n\t\t\t\t<div class=\"elementor-widget-container\">\n\t\t\t\t\t\t\t\t\t<p>Un\u2019ottima colazione a base di prodotti di qualit\u00e0 altoatesini \u00e8 da sempre uno dei punti di forza del Summerer. Per noi \u00e8 una tradizione di famiglia, che siamo felici di portare avanti di generazione in generazione. Perch\u00e9 i sapori migliori sono sempre quelli del territorio!  <\/p>\t\t\t\t\t\t\t\t<\/div>\n\t\t\t\t<\/div>\n\t\t\t\t\t<\/div>\n\t\t\t\t<\/div>\n\t\t\t\t<\/div>\n\t\t<div class=\"elementor-element elementor-element-192e74d5 e-con-full p-i-m-mob container-i p-bt-l w-1400 e-flex e-con e-parent\" data-id=\"192e74d5\" data-element_type=\"container\">\n\t\t<div class=\"elementor-element elementor-element-12ae1f3c e-con-full p-r-s-mobpic e-flex e-con e-child\" data-id=\"12ae1f3c\" data-element_type=\"container\">\n\t\t\t\t<div class=\"elementor-element elementor-element-2914ab50 ratio11 galeriepfeillinks paginationrechts elementor-widget elementor-widget-image\" data-id=\"2914ab50\" data-element_type=\"widget\" data-widget_type=\"image.default\">\n\t\t\t\t<div class=\"elementor-widget-container\">\n\t\t\t\t\t\t\t\t\t\t\t\t\t\t\t<img fetchpriority=\"high\" decoding=\"async\" width=\"1600\" height=\"1066\" src=\"https:\/\/www.summererliving.com\/wp-content\/uploads\/2025\/01\/fruehstueck-mit-regionalen-produkten.jpg\" class=\"attachment-full size-full wp-image-1521\" alt=\"Fr\u00fchst\u00fcck in Brixen mit regionalen Produkten\" srcset=\"https:\/\/www.summererliving.com\/wp-content\/uploads\/2025\/01\/fruehstueck-mit-regionalen-produkten.jpg 1600w, https:\/\/www.summererliving.com\/wp-content\/uploads\/2025\/01\/fruehstueck-mit-regionalen-produkten-300x200.jpg 300w, https:\/\/www.summererliving.com\/wp-content\/uploads\/2025\/01\/fruehstueck-mit-regionalen-produkten-1024x682.jpg 1024w, https:\/\/www.summererliving.com\/wp-content\/uploads\/2025\/01\/fruehstueck-mit-regionalen-produkten-768x512.jpg 768w, https:\/\/www.summererliving.com\/wp-content\/uploads\/2025\/01\/fruehstueck-mit-regionalen-produkten-1536x1023.jpg 1536w\" sizes=\"(max-width: 1600px) 100vw, 1600px\" \/>\t\t\t\t\t\t\t\t\t\t\t\t\t\t\t<\/div>\n\t\t\t\t<\/div>\n\t\t\t\t<\/div>\n\t\t<div class=\"elementor-element elementor-element-ce3e79b e-con-full p-l-m p-r-s p-b-l-mob e-flex e-con e-child\" data-id=\"ce3e79b\" data-element_type=\"container\">\n\t\t\t\t<div class=\"elementor-element elementor-element-441a9675 elementor-absolute elementor-hidden-mobile animated-slow elementor-invisible elementor-widget elementor-widget-image\" data-id=\"441a9675\" data-element_type=\"widget\" data-settings=\"{&quot;_position&quot;:&quot;absolute&quot;,&quot;_animation&quot;:&quot;fadeIn&quot;}\" data-widget_type=\"image.default\">\n\t\t\t\t<div class=\"elementor-widget-container\">\n\t\t\t\t\t\t\t\t\t\t\t\t\t\t\t<img decoding=\"async\" width=\"896\" height=\"349\" src=\"https:\/\/www.summererliving.com\/wp-content\/uploads\/2024\/12\/mm-background.svg\" class=\"attachment-full size-full wp-image-1373\" alt=\"\" \/>\t\t\t\t\t\t\t\t\t\t\t\t\t\t\t<\/div>\n\t\t\t\t<\/div>\n\t\t\t\t<div class=\"elementor-element elementor-element-bb7511e animated-slow elementor-invisible elementor-widget elementor-widget-heading\" data-id=\"bb7511e\" data-element_type=\"widget\" data-settings=\"{&quot;_animation&quot;:&quot;fadeIn&quot;}\" data-widget_type=\"heading.default\">\n\t\t\t\t<div class=\"elementor-widget-container\">\n\t\t\t\t\t<h2 class=\"elementor-heading-title elementor-size-default\">Una colazione regionale da intenditori<\/h2>\t\t\t\t<\/div>\n\t\t\t\t<\/div>\n\t\t\t\t<div class=\"elementor-element elementor-element-76691c30 elementor-widget__width-initial textwidth elementor-invisible elementor-widget elementor-widget-text-editor\" data-id=\"76691c30\" data-element_type=\"widget\" data-settings=\"{&quot;_animation&quot;:&quot;fadeIn&quot;}\" data-widget_type=\"text-editor.default\">\n\t\t\t\t<div class=\"elementor-widget-container\">\n\t\t\t\t\t\t\t\t\t<p>Marialuise non vede l\u2019ora di viziarvi con una colazione ricca e varia che racchiude i migliori sapori dell\u2019Alto Adige. Non solo latte, burro e yogurt di qualit\u00e0 dalle fattorie altoatesine, ma anche frutta fresca maturata al sole, specialit\u00e0 a base di salumi e formaggi da piccoli produttori locali, uova fresche, prodotti da forno tradizionali e, dulcis in fundo, le torte fatte in casa da Marialuise. E poi, naturalmente, un buon caff\u00e8 e una selezione di tisane e infusi fatti con erbe locali.     <\/p>\t\t\t\t\t\t\t\t<\/div>\n\t\t\t\t<\/div>\n\t\t\t\t<\/div>\n\t\t\t\t<\/div>\n\t\t<div class=\"elementor-element elementor-element-7b3bff4e e-con-full p-i-m-mob container-i p-bt-l w-1400  e-flex e-con e-parent\" data-id=\"7b3bff4e\" data-element_type=\"container\">\n\t\t<div class=\"elementor-element elementor-element-5ae8f799 e-con-full p-r-s p-b-l-mob e-flex e-con e-child\" data-id=\"5ae8f799\" data-element_type=\"container\">\n\t\t\t\t<div class=\"elementor-element elementor-element-32de8a21 animated-slow elementor-invisible elementor-widget elementor-widget-heading\" data-id=\"32de8a21\" data-element_type=\"widget\" data-settings=\"{&quot;_animation&quot;:&quot;fadeIn&quot;}\" data-widget_type=\"heading.default\">\n\t\t\t\t<div class=\"elementor-widget-container\">\n\t\t\t\t\t<h2 class=\"elementor-heading-title elementor-size-default\">Acquisti golosi <\/h2>\t\t\t\t<\/div>\n\t\t\t\t<\/div>\n\t\t\t\t<div class=\"elementor-element elementor-element-6581646b elementor-widget__width-initial textwidth animated-slow elementor-invisible elementor-widget elementor-widget-text-editor\" data-id=\"6581646b\" data-element_type=\"widget\" data-settings=\"{&quot;_animation&quot;:&quot;fadeIn&quot;}\" data-widget_type=\"text-editor.default\">\n\t\t\t\t<div class=\"elementor-widget-container\">\n\t\t\t\t\t\t\t\t\t<p>Non avete voglia di fare la spesa? Non serve uscire: nel nostro piccolo shop trovate un\u2019ottima selezione di snack, bevande e alimentari, tra cui pasta, sughi e croccante Sch\u00fcttelbrot. Cos\u00ec potrete gustare qualcosa di buono in qualsiasi momento!  <\/p>\t\t\t\t\t\t\t\t<\/div>\n\t\t\t\t<\/div>\n\t\t\t\t<\/div>\n\t\t<div class=\"elementor-element elementor-element-2ba13ae2 e-con-full p-l-s-mobpic e-flex e-con e-child\" data-id=\"2ba13ae2\" data-element_type=\"container\">\n\t\t\t\t<div class=\"elementor-element elementor-element-5bd0fea5 ratio11 galeriepfeillinks paginationrechts elementor-widget elementor-widget-image\" data-id=\"5bd0fea5\" data-element_type=\"widget\" data-widget_type=\"image.default\">\n\t\t\t\t<div class=\"elementor-widget-container\">\n\t\t\t\t\t\t\t\t\t\t\t\t\t\t\t<img decoding=\"async\" width=\"1600\" height=\"1066\" src=\"https:\/\/www.summererliving.com\/wp-content\/uploads\/2025\/01\/schuettelbrot-aus-suedtirol.jpg\" class=\"attachment-full size-full wp-image-1525\" alt=\"Sch\u00fcttelbrot aus S\u00fcdtirol\" srcset=\"https:\/\/www.summererliving.com\/wp-content\/uploads\/2025\/01\/schuettelbrot-aus-suedtirol.jpg 1600w, https:\/\/www.summererliving.com\/wp-content\/uploads\/2025\/01\/schuettelbrot-aus-suedtirol-300x200.jpg 300w, https:\/\/www.summererliving.com\/wp-content\/uploads\/2025\/01\/schuettelbrot-aus-suedtirol-1024x682.jpg 1024w, https:\/\/www.summererliving.com\/wp-content\/uploads\/2025\/01\/schuettelbrot-aus-suedtirol-768x512.jpg 768w, https:\/\/www.summererliving.com\/wp-content\/uploads\/2025\/01\/schuettelbrot-aus-suedtirol-1536x1023.jpg 1536w\" sizes=\"(max-width: 1600px) 100vw, 1600px\" \/>\t\t\t\t\t\t\t\t\t\t\t\t\t\t\t<\/div>\n\t\t\t\t<\/div>\n\t\t\t\t<\/div>\n\t\t\t\t<\/div>\n\t\t<div class=\"elementor-element elementor-element-644e2d35 e-con-full p-i-m-mob container-i p-bt-l w-1400 e-flex e-con e-parent\" data-id=\"644e2d35\" data-element_type=\"container\">\n\t\t<div class=\"elementor-element elementor-element-5eb5f3e8 e-con-full p-r-s-mobpic e-flex e-con e-child\" data-id=\"5eb5f3e8\" data-element_type=\"container\">\n\t\t\t\t<div class=\"elementor-element elementor-element-de64943 ratio11 galeriepfeillinks paginationrechts elementor-widget elementor-widget-image\" data-id=\"de64943\" data-element_type=\"widget\" data-widget_type=\"image.default\">\n\t\t\t\t<div class=\"elementor-widget-container\">\n\t\t\t\t\t\t\t\t\t\t\t\t\t\t\t<img loading=\"lazy\" decoding=\"async\" width=\"1600\" height=\"1066\" src=\"https:\/\/www.summererliving.com\/wp-content\/uploads\/2025\/01\/erfrischung-von-der-trustbar.jpg\" class=\"attachment-full size-full wp-image-1523\" alt=\"Erfrischung von der Trustbar\" srcset=\"https:\/\/www.summererliving.com\/wp-content\/uploads\/2025\/01\/erfrischung-von-der-trustbar.jpg 1600w, https:\/\/www.summererliving.com\/wp-content\/uploads\/2025\/01\/erfrischung-von-der-trustbar-300x200.jpg 300w, https:\/\/www.summererliving.com\/wp-content\/uploads\/2025\/01\/erfrischung-von-der-trustbar-1024x682.jpg 1024w, https:\/\/www.summererliving.com\/wp-content\/uploads\/2025\/01\/erfrischung-von-der-trustbar-768x512.jpg 768w, https:\/\/www.summererliving.com\/wp-content\/uploads\/2025\/01\/erfrischung-von-der-trustbar-1536x1023.jpg 1536w\" sizes=\"(max-width: 1600px) 100vw, 1600px\" \/>\t\t\t\t\t\t\t\t\t\t\t\t\t\t\t<\/div>\n\t\t\t\t<\/div>\n\t\t\t\t<\/div>\n\t\t<div class=\"elementor-element elementor-element-6eba1278 e-con-full p-l-m p-r-s p-b-l-mob e-flex e-con e-child\" data-id=\"6eba1278\" data-element_type=\"container\">\n\t\t\t\t<div class=\"elementor-element elementor-element-38683fcc animated-slow elementor-invisible elementor-widget elementor-widget-heading\" data-id=\"38683fcc\" data-element_type=\"widget\" data-settings=\"{&quot;_animation&quot;:&quot;fadeIn&quot;}\" data-widget_type=\"heading.default\">\n\t\t\t\t<div class=\"elementor-widget-container\">\n\t\t\t\t\t<h2 class=\"elementor-heading-title elementor-size-default\">Honesty bar 24 h <\/h2>\t\t\t\t<\/div>\n\t\t\t\t<\/div>\n\t\t\t\t<div class=\"elementor-element elementor-element-552081c elementor-widget__width-initial textwidth animated-slow elementor-invisible elementor-widget elementor-widget-text-editor\" data-id=\"552081c\" data-element_type=\"widget\" data-settings=\"{&quot;_animation&quot;:&quot;fadeIn&quot;}\" data-widget_type=\"text-editor.default\">\n\t\t\t\t<div class=\"elementor-widget-container\">\n\t\t\t\t\t\t\t\t\t<p>Una bibita per placare la sete, un aperitivo prima di cena o un bicchierino della buonanotte\u2026 Al nostro honesty bar potete servirvi 24 ore su 24!   <\/p>\t\t\t\t\t\t\t\t<\/div>\n\t\t\t\t<\/div>\n\t\t\t\t<\/div>\n\t\t\t\t<\/div>\n\t\t<div class=\"elementor-element elementor-element-735533f e-con-full e-flex e-con e-parent\" data-id=\"735533f\" data-element_type=\"container\" data-settings=\"{&quot;background_background&quot;:&quot;slideshow&quot;,&quot;background_slideshow_gallery&quot;:[{&quot;id&quot;:1134,&quot;url&quot;:&quot;https:\\\/\\\/www.summererliving.com\\\/wp-content\\\/uploads\\\/2025\\\/01\\\/traditionelle-gerichte-in-suedtirol.jpg&quot;}],&quot;background_slideshow_loop&quot;:&quot;yes&quot;,&quot;background_slideshow_slide_duration&quot;:5000,&quot;background_slideshow_slide_transition&quot;:&quot;fade&quot;,&quot;background_slideshow_transition_duration&quot;:500}\">\n\t\t\t\t<div class=\"elementor-element elementor-element-6db1213f ratio169 swiperoverlay galeriegross elementor-hidden-mobile elementor-arrows-position-inside elementor-widget elementor-widget-image-carousel\" data-id=\"6db1213f\" data-element_type=\"widget\" data-settings=\"{&quot;slides_to_show&quot;:&quot;1&quot;,&quot;navigation&quot;:&quot;arrows&quot;,&quot;autoplay&quot;:&quot;yes&quot;,&quot;pause_on_hover&quot;:&quot;yes&quot;,&quot;pause_on_interaction&quot;:&quot;yes&quot;,&quot;autoplay_speed&quot;:5000,&quot;infinite&quot;:&quot;yes&quot;,&quot;effect&quot;:&quot;slide&quot;,&quot;speed&quot;:500}\" data-widget_type=\"image-carousel.default\">\n\t\t\t\t<div class=\"elementor-widget-container\">\n\t\t\t\t\t\t\t<div class=\"elementor-image-carousel-wrapper swiper\" role=\"region\" aria-roledescription=\"carousel\" aria-label=\"Bild Karussell\" dir=\"ltr\">\n\t\t\t<div class=\"elementor-image-carousel swiper-wrapper\" aria-live=\"off\">\n\t\t\t\t\t\t\t\t<div class=\"swiper-slide\" role=\"group\" aria-roledescription=\"slide\" aria-label=\"1 di 1\"><figure class=\"swiper-slide-inner\"><img decoding=\"async\" class=\"swiper-slide-image\" src=\"https:\/\/www.summererliving.com\/wp-content\/uploads\/2025\/01\/traditionelle-gerichte-in-suedtirol.jpg\" alt=\"Traditionelle Gerichte in S\u00fcdtirol\" \/><\/figure><\/div>\t\t\t<\/div>\n\t\t\t\t\t<\/div>\n\t\t\t\t\t\t<\/div>\n\t\t\t\t<\/div>\n\t\t<div class=\"elementor-element elementor-element-ffdf29e e-con-full inhaltslider e-flex e-con e-child\" data-id=\"ffdf29e\" data-element_type=\"container\">\n\t\t\t\t<div class=\"elementor-element elementor-element-12b86307 animated-slow elementor-invisible elementor-widget elementor-widget-heading\" data-id=\"12b86307\" data-element_type=\"widget\" data-settings=\"{&quot;_animation&quot;:&quot;fadeIn&quot;}\" data-widget_type=\"heading.default\">\n\t\t\t\t<div class=\"elementor-widget-container\">\n\t\t\t\t\t<h2 class=\"elementor-heading-title elementor-size-default\">Dining around <\/h2>\t\t\t\t<\/div>\n\t\t\t\t<\/div>\n\t\t\t\t<div class=\"elementor-element elementor-element-47578e95 animated-slow elementor-widget-mobile__width-initial elementor-invisible elementor-widget elementor-widget-text-editor\" data-id=\"47578e95\" data-element_type=\"widget\" data-settings=\"{&quot;_animation&quot;:&quot;fadeIn&quot;}\" data-widget_type=\"text-editor.default\">\n\t\t\t\t<div class=\"elementor-widget-container\">\n\t\t\t\t\t\t\t\t\t<p>Le specialit\u00e0 della tradizione altoatesina, una bella pizza o magari un menu gourmet? Volentieri vi consiglieremo i nostri ristoranti preferiti nella zona. <\/p>\t\t\t\t\t\t\t\t<\/div>\n\t\t\t\t<\/div>\n\t\t\t\t<\/div>\n\t\t\t\t<\/div>\n\t\t\t\t<\/div>\n\t\t","protected":false},"excerpt":{"rendered":"<p>Passione per il gustoe attenzione alla qualit\u00e0 Alla scoperta dei sapori locali nel verde di Meluno Un\u2019ottima colazione a base di prodotti di qualit\u00e0 altoatesini \u00e8 da sempre uno dei punti di forza del Summerer. Per noi \u00e8 una tradizione di famiglia, che siamo felici di portare avanti di generazione in generazione. Perch\u00e9 i sapori [&hellip;]<\/p>\n","protected":false},"author":1,"featured_media":0,"parent":0,"menu_order":0,"comment_status":"closed","ping_status":"closed","template":"","meta":{"_acf_changed":false,"footnotes":""},"class_list":["post-1661","page","type-page","status-publish","hentry"],"acf":[],"yoast_head":"<!-- This site is optimized with the Yoast SEO plugin v26.8 - https:\/\/yoast.com\/product\/yoast-seo-wordpress\/ -->\n<title>Gusto - Summererhof<\/title>\n<meta name=\"description\" content=\"Nuovi appartamenti in posizione idilliaca a Meluno, con sauna o whirlpool privata e colazione regionale. Prenotate subito e assicuratevi il miglior prezzo!\" \/>\n<meta name=\"robots\" content=\"index, follow, max-snippet:-1, max-image-preview:large, max-video-preview:-1\" \/>\n<link rel=\"canonical\" href=\"https:\/\/www.summererliving.com\/it\/gusto\/\" \/>\n<meta property=\"og:locale\" content=\"it_IT\" \/>\n<meta property=\"og:type\" content=\"article\" \/>\n<meta property=\"og:title\" content=\"Gusto - Summererhof\" \/>\n<meta property=\"og:description\" content=\"Nuovi appartamenti in posizione idilliaca a Meluno, con sauna o whirlpool privata e colazione regionale. Prenotate subito e assicuratevi il miglior prezzo!\" \/>\n<meta property=\"og:url\" content=\"https:\/\/www.summererliving.com\/it\/gusto\/\" \/>\n<meta property=\"og:site_name\" content=\"Summererhof\" \/>\n<meta property=\"article:modified_time\" content=\"2025-02-28T07:59:43+00:00\" \/>\n<meta property=\"og:image\" content=\"https:\/\/www.summererliving.com\/wp-content\/uploads\/2025\/01\/kulinarik-in-suedtirol.jpg\" \/>\n<meta name=\"twitter:card\" content=\"summary_large_image\" \/>\n<meta name=\"twitter:label1\" content=\"Tempo di lettura stimato\" \/>\n\t<meta name=\"twitter:data1\" content=\"1 minuto\" \/>\n<script type=\"application\/ld+json\" class=\"yoast-schema-graph\">{\"@context\":\"https:\/\/schema.org\",\"@graph\":[{\"@type\":\"WebPage\",\"@id\":\"https:\/\/www.summererliving.com\/it\/gusto\/\",\"url\":\"https:\/\/www.summererliving.com\/it\/gusto\/\",\"name\":\"Gusto - Summererhof\",\"isPartOf\":{\"@id\":\"https:\/\/www.summererliving.com\/it\/#website\"},\"primaryImageOfPage\":{\"@id\":\"https:\/\/www.summererliving.com\/it\/gusto\/#primaryimage\"},\"image\":{\"@id\":\"https:\/\/www.summererliving.com\/it\/gusto\/#primaryimage\"},\"thumbnailUrl\":\"https:\/\/www.summererliving.com\/wp-content\/uploads\/2025\/01\/kulinarik-in-suedtirol.jpg\",\"datePublished\":\"2024-12-10T10:58:18+00:00\",\"dateModified\":\"2025-02-28T07:59:43+00:00\",\"description\":\"Nuovi appartamenti in posizione idilliaca a Meluno, con sauna o whirlpool privata e colazione regionale. Prenotate subito e assicuratevi il miglior prezzo!\",\"breadcrumb\":{\"@id\":\"https:\/\/www.summererliving.com\/it\/gusto\/#breadcrumb\"},\"inLanguage\":\"it-IT\",\"potentialAction\":[{\"@type\":\"ReadAction\",\"target\":[\"https:\/\/www.summererliving.com\/it\/gusto\/\"]}]},{\"@type\":\"ImageObject\",\"inLanguage\":\"it-IT\",\"@id\":\"https:\/\/www.summererliving.com\/it\/gusto\/#primaryimage\",\"url\":\"https:\/\/www.summererliving.com\/wp-content\/uploads\/2025\/01\/kulinarik-in-suedtirol.jpg\",\"contentUrl\":\"https:\/\/www.summererliving.com\/wp-content\/uploads\/2025\/01\/kulinarik-in-suedtirol.jpg\"},{\"@type\":\"BreadcrumbList\",\"@id\":\"https:\/\/www.summererliving.com\/it\/gusto\/#breadcrumb\",\"itemListElement\":[{\"@type\":\"ListItem\",\"position\":1,\"name\":\"Startseite\",\"item\":\"https:\/\/www.summererliving.com\/it\/\"},{\"@type\":\"ListItem\",\"position\":2,\"name\":\"Gusto\"}]},{\"@type\":\"WebSite\",\"@id\":\"https:\/\/www.summererliving.com\/it\/#website\",\"url\":\"https:\/\/www.summererliving.com\/it\/\",\"name\":\"Summererhof\",\"description\":\"\",\"publisher\":{\"@id\":\"https:\/\/www.summererliving.com\/it\/#organization\"},\"potentialAction\":[{\"@type\":\"SearchAction\",\"target\":{\"@type\":\"EntryPoint\",\"urlTemplate\":\"https:\/\/www.summererliving.com\/it\/?s={search_term_string}\"},\"query-input\":{\"@type\":\"PropertyValueSpecification\",\"valueRequired\":true,\"valueName\":\"search_term_string\"}}],\"inLanguage\":\"it-IT\"},{\"@type\":\"Organization\",\"@id\":\"https:\/\/www.summererliving.com\/it\/#organization\",\"name\":\"Summererhof\",\"url\":\"https:\/\/www.summererliving.com\/it\/\",\"logo\":{\"@type\":\"ImageObject\",\"inLanguage\":\"it-IT\",\"@id\":\"https:\/\/www.summererliving.com\/it\/#\/schema\/logo\/image\/\",\"url\":\"https:\/\/www.summererliving.com\/wp-content\/uploads\/2024\/12\/summerer-logo-1.svg\",\"contentUrl\":\"https:\/\/www.summererliving.com\/wp-content\/uploads\/2024\/12\/summerer-logo-1.svg\",\"width\":323,\"height\":79,\"caption\":\"Summererhof\"},\"image\":{\"@id\":\"https:\/\/www.summererliving.com\/it\/#\/schema\/logo\/image\/\"}}]}<\/script>\n<!-- \/ Yoast SEO plugin. -->","yoast_head_json":{"title":"Gusto - Summererhof","description":"Nuovi appartamenti in posizione idilliaca a Meluno, con sauna o whirlpool privata e colazione regionale. Prenotate subito e assicuratevi il miglior prezzo!","robots":{"index":"index","follow":"follow","max-snippet":"max-snippet:-1","max-image-preview":"max-image-preview:large","max-video-preview":"max-video-preview:-1"},"canonical":"https:\/\/www.summererliving.com\/it\/gusto\/","og_locale":"it_IT","og_type":"article","og_title":"Gusto - Summererhof","og_description":"Nuovi appartamenti in posizione idilliaca a Meluno, con sauna o whirlpool privata e colazione regionale. Prenotate subito e assicuratevi il miglior prezzo!","og_url":"https:\/\/www.summererliving.com\/it\/gusto\/","og_site_name":"Summererhof","article_modified_time":"2025-02-28T07:59:43+00:00","og_image":[{"url":"https:\/\/www.summererliving.com\/wp-content\/uploads\/2025\/01\/kulinarik-in-suedtirol.jpg","type":"","width":"","height":""}],"twitter_card":"summary_large_image","twitter_misc":{"Tempo di lettura stimato":"1 minuto"},"schema":{"@context":"https:\/\/schema.org","@graph":[{"@type":"WebPage","@id":"https:\/\/www.summererliving.com\/it\/gusto\/","url":"https:\/\/www.summererliving.com\/it\/gusto\/","name":"Gusto - Summererhof","isPartOf":{"@id":"https:\/\/www.summererliving.com\/it\/#website"},"primaryImageOfPage":{"@id":"https:\/\/www.summererliving.com\/it\/gusto\/#primaryimage"},"image":{"@id":"https:\/\/www.summererliving.com\/it\/gusto\/#primaryimage"},"thumbnailUrl":"https:\/\/www.summererliving.com\/wp-content\/uploads\/2025\/01\/kulinarik-in-suedtirol.jpg","datePublished":"2024-12-10T10:58:18+00:00","dateModified":"2025-02-28T07:59:43+00:00","description":"Nuovi appartamenti in posizione idilliaca a Meluno, con sauna o whirlpool privata e colazione regionale. Prenotate subito e assicuratevi il miglior prezzo!","breadcrumb":{"@id":"https:\/\/www.summererliving.com\/it\/gusto\/#breadcrumb"},"inLanguage":"it-IT","potentialAction":[{"@type":"ReadAction","target":["https:\/\/www.summererliving.com\/it\/gusto\/"]}]},{"@type":"ImageObject","inLanguage":"it-IT","@id":"https:\/\/www.summererliving.com\/it\/gusto\/#primaryimage","url":"https:\/\/www.summererliving.com\/wp-content\/uploads\/2025\/01\/kulinarik-in-suedtirol.jpg","contentUrl":"https:\/\/www.summererliving.com\/wp-content\/uploads\/2025\/01\/kulinarik-in-suedtirol.jpg"},{"@type":"BreadcrumbList","@id":"https:\/\/www.summererliving.com\/it\/gusto\/#breadcrumb","itemListElement":[{"@type":"ListItem","position":1,"name":"Startseite","item":"https:\/\/www.summererliving.com\/it\/"},{"@type":"ListItem","position":2,"name":"Gusto"}]},{"@type":"WebSite","@id":"https:\/\/www.summererliving.com\/it\/#website","url":"https:\/\/www.summererliving.com\/it\/","name":"Summererhof","description":"","publisher":{"@id":"https:\/\/www.summererliving.com\/it\/#organization"},"potentialAction":[{"@type":"SearchAction","target":{"@type":"EntryPoint","urlTemplate":"https:\/\/www.summererliving.com\/it\/?s={search_term_string}"},"query-input":{"@type":"PropertyValueSpecification","valueRequired":true,"valueName":"search_term_string"}}],"inLanguage":"it-IT"},{"@type":"Organization","@id":"https:\/\/www.summererliving.com\/it\/#organization","name":"Summererhof","url":"https:\/\/www.summererliving.com\/it\/","logo":{"@type":"ImageObject","inLanguage":"it-IT","@id":"https:\/\/www.summererliving.com\/it\/#\/schema\/logo\/image\/","url":"https:\/\/www.summererliving.com\/wp-content\/uploads\/2024\/12\/summerer-logo-1.svg","contentUrl":"https:\/\/www.summererliving.com\/wp-content\/uploads\/2024\/12\/summerer-logo-1.svg","width":323,"height":79,"caption":"Summererhof"},"image":{"@id":"https:\/\/www.summererliving.com\/it\/#\/schema\/logo\/image\/"}}]}},"_links":{"self":[{"href":"https:\/\/www.summererliving.com\/it\/wp-json\/wp\/v2\/pages\/1661","targetHints":{"allow":["GET"]}}],"collection":[{"href":"https:\/\/www.summererliving.com\/it\/wp-json\/wp\/v2\/pages"}],"about":[{"href":"https:\/\/www.summererliving.com\/it\/wp-json\/wp\/v2\/types\/page"}],"author":[{"embeddable":true,"href":"https:\/\/www.summererliving.com\/it\/wp-json\/wp\/v2\/users\/1"}],"replies":[{"embeddable":true,"href":"https:\/\/www.summererliving.com\/it\/wp-json\/wp\/v2\/comments?post=1661"}],"version-history":[{"count":0,"href":"https:\/\/www.summererliving.com\/it\/wp-json\/wp\/v2\/pages\/1661\/revisions"}],"wp:attachment":[{"href":"https:\/\/www.summererliving.com\/it\/wp-json\/wp\/v2\/media?parent=1661"}],"curies":[{"name":"wp","href":"https:\/\/api.w.org\/{rel}","templated":true}]}}